{"id":1759,"date":"2024-10-08T09:15:51","date_gmt":"2024-10-08T09:15:51","guid":{"rendered":"https:\/\/jumailuminacion.com\/?post_type=product&#038;p=1759"},"modified":"2026-04-13T15:25:22","modified_gmt":"2026-04-13T15:25:22","slug":"aplique-rejilla-negro-1-luz","status":"publish","type":"product","link":"https:\/\/jumailuminacion.com\/eu\/produktua\/aplique-rejilla-negro-1-luz\/","title":{"rendered":"APLIQUE REJILLA NEGRO 1 LUZ"},"content":{"rendered":"<p>El aplique de pared\u00a0 est\u00e1 fabricado en metal negro con un cabezal cil\u00edndrico m\u00f3vil. La pantalla hecha de una art\u00edstica malla en colores naturales y papel transparente en el interior se combina con sutiles elementos de metal negro y completa perfectamente el aspecto de la l\u00e1mpara. Cuando est\u00e1 encendida, la malla crea un fascinante juego de luces y sombras. El acogedor foco de pared tambi\u00e9n se puede utilizar como l\u00e1mpara de techo. El cabezal giratorio permite establecer puntos de iluminaci\u00f3n individuales en la estancia, ya sea en la cocina, el sal\u00f3n, el dormitorio, el pasillo o el comedor. La bombilla no est\u00e1 incluida. La l\u00e1mpara es apta para cualquier bombilla con casquillo E27.<\/p>","protected":false},"excerpt":{"rendered":"<p>El aplique de pared\u00a0 est\u00e1 fabricado en metal negro con un cabezal cil\u00edndrico m\u00f3vil. La pantalla hecha de una art\u00edstica malla en colores naturales y papel transparente en el interior se combina con sutiles elementos de metal negro y completa perfectamente el aspecto de la l\u00e1mpara. Cuando est\u00e1 encendida, la malla crea un fascinante juego de luces y sombras. El acogedor foco de pared tambi\u00e9n se puede utilizar como l\u00e1mpara de techo. El cabezal giratorio permite establecer puntos de iluminaci\u00f3n individuales en la estancia, ya sea en la cocina, el sal\u00f3n, el dormitorio, el pasillo o el comedor. La bombilla no est\u00e1 incluida. La l\u00e1mpara es apta para cualquier bombilla con casquillo E27.<\/p>","protected":false},"featured_media":1760,"comment_status":"open","ping_status":"closed","template":"","meta":[],"product_brand":[],"product_cat":[18],"product_tag":[],"class_list":{"0":"post-1759","1":"product","2":"type-product","3":"status-publish","4":"has-post-thumbnail","6":"product_cat-iluminacion","8":"first","9":"instock","10":"purchasable","11":"product-type-simple"},"yoast_head":"<!-- This site is optimized with the Yoast SEO plugin v27.5 - https:\/\/yoast.com\/product\/yoast-seo-wordpress\/ -->\n<title>APLIQUE REJILLA NEGRO 1 LUZ - Juma Iluminaci\u00f3n<\/title>\n<meta name=\"description\" content=\"El aplique de pared\u00a0 est\u00e1 fabricado en metal negro con un cabezal cil\u00edndrico m\u00f3vil. La pantalla hecha de una art\u00edstica malla en colores naturales y papel transparente en el interior se combina con sutiles elementos de metal negro y completa perfectamente el aspecto de la l\u00e1mpara. Cuando est\u00e1 encendida, la malla crea un fascinante juego de luces y sombras. El acogedor foco de pared tambi\u00e9n se puede utilizar como l\u00e1mpara de techo. El cabezal giratorio permite establecer puntos de iluminaci\u00f3n individuales en la estancia, ya sea en la cocina, el sal\u00f3n, el dormitorio, el pasillo o el comedor. La bombilla no est\u00e1 incluida. La l\u00e1mpara es apta para cualquier bombilla con casquillo E27.\" \/>\n<meta name=\"robots\" content=\"index, follow, max-snippet:-1, max-image-preview:large, max-video-preview:-1\" \/>\n<link rel=\"canonical\" href=\"https:\/\/jumailuminacion.com\/eu\/produktua\/aplique-rejilla-negro-1-luz\/\" \/>\n<meta property=\"og:locale\" content=\"en_US\" \/>\n<meta property=\"og:type\" content=\"article\" \/>\n<meta property=\"og:title\" content=\"APLIQUE REJILLA NEGRO 1 LUZ - Juma Iluminaci\u00f3n\" \/>\n<meta property=\"og:description\" content=\"El aplique de pared\u00a0 est\u00e1 fabricado en metal negro con un cabezal cil\u00edndrico m\u00f3vil. La pantalla hecha de una art\u00edstica malla en colores naturales y papel transparente en el interior se combina con sutiles elementos de metal negro y completa perfectamente el aspecto de la l\u00e1mpara. Cuando est\u00e1 encendida, la malla crea un fascinante juego de luces y sombras. El acogedor foco de pared tambi\u00e9n se puede utilizar como l\u00e1mpara de techo. El cabezal giratorio permite establecer puntos de iluminaci\u00f3n individuales en la estancia, ya sea en la cocina, el sal\u00f3n, el dormitorio, el pasillo o el comedor. La bombilla no est\u00e1 incluida. La l\u00e1mpara es apta para cualquier bombilla con casquillo E27.\" \/>\n<meta property=\"og:url\" content=\"https:\/\/jumailuminacion.com\/eu\/produktua\/aplique-rejilla-negro-1-luz\/\" \/>\n<meta property=\"og:site_name\" content=\"Juma Iluminaci\u00f3n\" \/>\n<meta property=\"article:modified_time\" content=\"2026-04-13T15:25:22+00:00\" \/>\n<meta property=\"og:image\" content=\"https:\/\/jumailuminacion.com\/wp-content\/uploads\/2024\/10\/APLIQUE-REJILLA-NEGRO.png\" \/>\n\t<meta property=\"og:image:width\" content=\"1080\" \/>\n\t<meta property=\"og:image:height\" content=\"1080\" \/>\n\t<meta property=\"og:image:type\" content=\"image\/png\" \/>\n<meta name=\"twitter:card\" content=\"summary_large_image\" \/>\n<meta name=\"twitter:label1\" content=\"Est. reading time\" \/>\n\t<meta name=\"twitter:data1\" content=\"1 minutua\" \/>\n<script type=\"application\/ld+json\" class=\"yoast-schema-graph\">{\"@context\":\"https:\\\/\\\/schema.org\",\"@graph\":[{\"@type\":\"WebPage\",\"@id\":\"https:\\\/\\\/jumailuminacion.com\\\/producto\\\/aplique-rejilla-negro-1-luz\\\/\",\"url\":\"https:\\\/\\\/jumailuminacion.com\\\/producto\\\/aplique-rejilla-negro-1-luz\\\/\",\"name\":\"APLIQUE REJILLA NEGRO 1 LUZ - Juma Iluminaci\u00f3n\",\"isPartOf\":{\"@id\":\"https:\\\/\\\/jumailuminacion.com\\\/#website\"},\"primaryImageOfPage\":{\"@id\":\"https:\\\/\\\/jumailuminacion.com\\\/producto\\\/aplique-rejilla-negro-1-luz\\\/#primaryimage\"},\"image\":{\"@id\":\"https:\\\/\\\/jumailuminacion.com\\\/producto\\\/aplique-rejilla-negro-1-luz\\\/#primaryimage\"},\"thumbnailUrl\":\"https:\\\/\\\/jumailuminacion.com\\\/wp-content\\\/uploads\\\/2024\\\/10\\\/APLIQUE-REJILLA-NEGRO.png\",\"datePublished\":\"2024-10-08T09:15:51+00:00\",\"dateModified\":\"2026-04-13T15:25:22+00:00\",\"description\":\"El aplique de pared\u00a0 est\u00e1 fabricado en metal negro con un cabezal cil\u00edndrico m\u00f3vil. La pantalla hecha de una art\u00edstica malla en colores naturales y papel transparente en el interior se combina con sutiles elementos de metal negro y completa perfectamente el aspecto de la l\u00e1mpara. Cuando est\u00e1 encendida, la malla crea un fascinante juego de luces y sombras. El acogedor foco de pared tambi\u00e9n se puede utilizar como l\u00e1mpara de techo. El cabezal giratorio permite establecer puntos de iluminaci\u00f3n individuales en la estancia, ya sea en la cocina, el sal\u00f3n, el dormitorio, el pasillo o el comedor. La bombilla no est\u00e1 incluida. La l\u00e1mpara es apta para cualquier bombilla con casquillo E27.\",\"breadcrumb\":{\"@id\":\"https:\\\/\\\/jumailuminacion.com\\\/producto\\\/aplique-rejilla-negro-1-luz\\\/#breadcrumb\"},\"inLanguage\":\"eu\",\"potentialAction\":[{\"@type\":\"ReadAction\",\"target\":[\"https:\\\/\\\/jumailuminacion.com\\\/producto\\\/aplique-rejilla-negro-1-luz\\\/\"]}]},{\"@type\":\"ImageObject\",\"inLanguage\":\"eu\",\"@id\":\"https:\\\/\\\/jumailuminacion.com\\\/producto\\\/aplique-rejilla-negro-1-luz\\\/#primaryimage\",\"url\":\"https:\\\/\\\/jumailuminacion.com\\\/wp-content\\\/uploads\\\/2024\\\/10\\\/APLIQUE-REJILLA-NEGRO.png\",\"contentUrl\":\"https:\\\/\\\/jumailuminacion.com\\\/wp-content\\\/uploads\\\/2024\\\/10\\\/APLIQUE-REJILLA-NEGRO.png\",\"width\":1080,\"height\":1080},{\"@type\":\"BreadcrumbList\",\"@id\":\"https:\\\/\\\/jumailuminacion.com\\\/producto\\\/aplique-rejilla-negro-1-luz\\\/#breadcrumb\",\"itemListElement\":[{\"@type\":\"ListItem\",\"position\":1,\"name\":\"Portada\",\"item\":\"https:\\\/\\\/jumailuminacion.com\\\/\"},{\"@type\":\"ListItem\",\"position\":2,\"name\":\"Tienda\",\"item\":\"https:\\\/\\\/jumailuminacion.com\\\/tienda\\\/\"},{\"@type\":\"ListItem\",\"position\":3,\"name\":\"APLIQUE REJILLA NEGRO 1 LUZ\"}]},{\"@type\":\"WebSite\",\"@id\":\"https:\\\/\\\/jumailuminacion.com\\\/#website\",\"url\":\"https:\\\/\\\/jumailuminacion.com\\\/\",\"name\":\"Juma Iluminaci\u00f3n\",\"description\":\"Iluminaci\u00f3n y Decoraci\u00f3n\",\"publisher\":{\"@id\":\"https:\\\/\\\/jumailuminacion.com\\\/#organization\"},\"potentialAction\":[{\"@type\":\"SearchAction\",\"target\":{\"@type\":\"EntryPoint\",\"urlTemplate\":\"https:\\\/\\\/jumailuminacion.com\\\/?s={search_term_string}\"},\"query-input\":{\"@type\":\"PropertyValueSpecification\",\"valueRequired\":true,\"valueName\":\"search_term_string\"}}],\"inLanguage\":\"eu\"},{\"@type\":\"Organization\",\"@id\":\"https:\\\/\\\/jumailuminacion.com\\\/#organization\",\"name\":\"Juma Iluminaci\u00f3n\",\"url\":\"https:\\\/\\\/jumailuminacion.com\\\/\",\"logo\":{\"@type\":\"ImageObject\",\"inLanguage\":\"eu\",\"@id\":\"https:\\\/\\\/jumailuminacion.com\\\/#\\\/schema\\\/logo\\\/image\\\/\",\"url\":\"https:\\\/\\\/jumailuminacion.com\\\/wp-content\\\/uploads\\\/2023\\\/07\\\/cropped-WhatsApp-Image-2023-07-10-at-11.40.47.jpg\",\"contentUrl\":\"https:\\\/\\\/jumailuminacion.com\\\/wp-content\\\/uploads\\\/2023\\\/07\\\/cropped-WhatsApp-Image-2023-07-10-at-11.40.47.jpg\",\"width\":384,\"height\":372,\"caption\":\"Juma Iluminaci\u00f3n\"},\"image\":{\"@id\":\"https:\\\/\\\/jumailuminacion.com\\\/#\\\/schema\\\/logo\\\/image\\\/\"}}]}<\/script>\n<!-- \/ Yoast SEO plugin. -->","yoast_head_json":{"title":"APLIQUE REJILLA NEGRO 1 LUZ - Juma Iluminaci\u00f3n","description":"El aplique de pared\u00a0 est\u00e1 fabricado en metal negro con un cabezal cil\u00edndrico m\u00f3vil. La pantalla hecha de una art\u00edstica malla en colores naturales y papel transparente en el interior se combina con sutiles elementos de metal negro y completa perfectamente el aspecto de la l\u00e1mpara. Cuando est\u00e1 encendida, la malla crea un fascinante juego de luces y sombras. El acogedor foco de pared tambi\u00e9n se puede utilizar como l\u00e1mpara de techo. El cabezal giratorio permite establecer puntos de iluminaci\u00f3n individuales en la estancia, ya sea en la cocina, el sal\u00f3n, el dormitorio, el pasillo o el comedor. La bombilla no est\u00e1 incluida. La l\u00e1mpara es apta para cualquier bombilla con casquillo E27.","robots":{"index":"index","follow":"follow","max-snippet":"max-snippet:-1","max-image-preview":"max-image-preview:large","max-video-preview":"max-video-preview:-1"},"canonical":"https:\/\/jumailuminacion.com\/eu\/produktua\/aplique-rejilla-negro-1-luz\/","og_locale":"en_US","og_type":"article","og_title":"APLIQUE REJILLA NEGRO 1 LUZ - Juma Iluminaci\u00f3n","og_description":"El aplique de pared\u00a0 est\u00e1 fabricado en metal negro con un cabezal cil\u00edndrico m\u00f3vil. La pantalla hecha de una art\u00edstica malla en colores naturales y papel transparente en el interior se combina con sutiles elementos de metal negro y completa perfectamente el aspecto de la l\u00e1mpara. Cuando est\u00e1 encendida, la malla crea un fascinante juego de luces y sombras. El acogedor foco de pared tambi\u00e9n se puede utilizar como l\u00e1mpara de techo. El cabezal giratorio permite establecer puntos de iluminaci\u00f3n individuales en la estancia, ya sea en la cocina, el sal\u00f3n, el dormitorio, el pasillo o el comedor. La bombilla no est\u00e1 incluida. La l\u00e1mpara es apta para cualquier bombilla con casquillo E27.","og_url":"https:\/\/jumailuminacion.com\/eu\/produktua\/aplique-rejilla-negro-1-luz\/","og_site_name":"Juma Iluminaci\u00f3n","article_modified_time":"2026-04-13T15:25:22+00:00","og_image":[{"width":1080,"height":1080,"url":"https:\/\/jumailuminacion.com\/wp-content\/uploads\/2024\/10\/APLIQUE-REJILLA-NEGRO.png","type":"image\/png"}],"twitter_card":"summary_large_image","twitter_misc":{"Est. reading time":"1 minutua"},"schema":{"@context":"https:\/\/schema.org","@graph":[{"@type":"WebPage","@id":"https:\/\/jumailuminacion.com\/producto\/aplique-rejilla-negro-1-luz\/","url":"https:\/\/jumailuminacion.com\/producto\/aplique-rejilla-negro-1-luz\/","name":"APLIQUE REJILLA NEGRO 1 LUZ - Juma Iluminaci\u00f3n","isPartOf":{"@id":"https:\/\/jumailuminacion.com\/#website"},"primaryImageOfPage":{"@id":"https:\/\/jumailuminacion.com\/producto\/aplique-rejilla-negro-1-luz\/#primaryimage"},"image":{"@id":"https:\/\/jumailuminacion.com\/producto\/aplique-rejilla-negro-1-luz\/#primaryimage"},"thumbnailUrl":"https:\/\/jumailuminacion.com\/wp-content\/uploads\/2024\/10\/APLIQUE-REJILLA-NEGRO.png","datePublished":"2024-10-08T09:15:51+00:00","dateModified":"2026-04-13T15:25:22+00:00","description":"El aplique de pared\u00a0 est\u00e1 fabricado en metal negro con un cabezal cil\u00edndrico m\u00f3vil. La pantalla hecha de una art\u00edstica malla en colores naturales y papel transparente en el interior se combina con sutiles elementos de metal negro y completa perfectamente el aspecto de la l\u00e1mpara. Cuando est\u00e1 encendida, la malla crea un fascinante juego de luces y sombras. El acogedor foco de pared tambi\u00e9n se puede utilizar como l\u00e1mpara de techo. El cabezal giratorio permite establecer puntos de iluminaci\u00f3n individuales en la estancia, ya sea en la cocina, el sal\u00f3n, el dormitorio, el pasillo o el comedor. La bombilla no est\u00e1 incluida. La l\u00e1mpara es apta para cualquier bombilla con casquillo E27.","breadcrumb":{"@id":"https:\/\/jumailuminacion.com\/producto\/aplique-rejilla-negro-1-luz\/#breadcrumb"},"inLanguage":"eu","potentialAction":[{"@type":"ReadAction","target":["https:\/\/jumailuminacion.com\/producto\/aplique-rejilla-negro-1-luz\/"]}]},{"@type":"ImageObject","inLanguage":"eu","@id":"https:\/\/jumailuminacion.com\/producto\/aplique-rejilla-negro-1-luz\/#primaryimage","url":"https:\/\/jumailuminacion.com\/wp-content\/uploads\/2024\/10\/APLIQUE-REJILLA-NEGRO.png","contentUrl":"https:\/\/jumailuminacion.com\/wp-content\/uploads\/2024\/10\/APLIQUE-REJILLA-NEGRO.png","width":1080,"height":1080},{"@type":"BreadcrumbList","@id":"https:\/\/jumailuminacion.com\/producto\/aplique-rejilla-negro-1-luz\/#breadcrumb","itemListElement":[{"@type":"ListItem","position":1,"name":"Portada","item":"https:\/\/jumailuminacion.com\/"},{"@type":"ListItem","position":2,"name":"Tienda","item":"https:\/\/jumailuminacion.com\/tienda\/"},{"@type":"ListItem","position":3,"name":"APLIQUE REJILLA NEGRO 1 LUZ"}]},{"@type":"WebSite","@id":"https:\/\/jumailuminacion.com\/#website","url":"https:\/\/jumailuminacion.com\/","name":"Juma Iluminaci\u00f3n","description":"Iluminaci\u00f3n y Decoraci\u00f3n","publisher":{"@id":"https:\/\/jumailuminacion.com\/#organization"},"potentialAction":[{"@type":"SearchAction","target":{"@type":"EntryPoint","urlTemplate":"https:\/\/jumailuminacion.com\/?s={search_term_string}"},"query-input":{"@type":"PropertyValueSpecification","valueRequired":true,"valueName":"search_term_string"}}],"inLanguage":"eu"},{"@type":"Organization","@id":"https:\/\/jumailuminacion.com\/#organization","name":"Juma Iluminaci\u00f3n","url":"https:\/\/jumailuminacion.com\/","logo":{"@type":"ImageObject","inLanguage":"eu","@id":"https:\/\/jumailuminacion.com\/#\/schema\/logo\/image\/","url":"https:\/\/jumailuminacion.com\/wp-content\/uploads\/2023\/07\/cropped-WhatsApp-Image-2023-07-10-at-11.40.47.jpg","contentUrl":"https:\/\/jumailuminacion.com\/wp-content\/uploads\/2023\/07\/cropped-WhatsApp-Image-2023-07-10-at-11.40.47.jpg","width":384,"height":372,"caption":"Juma Iluminaci\u00f3n"},"image":{"@id":"https:\/\/jumailuminacion.com\/#\/schema\/logo\/image\/"}}]}},"_links":{"self":[{"href":"https:\/\/jumailuminacion.com\/eu\/wp-json\/wp\/v2\/product\/1759","targetHints":{"allow":["GET"]}}],"collection":[{"href":"https:\/\/jumailuminacion.com\/eu\/wp-json\/wp\/v2\/product"}],"about":[{"href":"https:\/\/jumailuminacion.com\/eu\/wp-json\/wp\/v2\/types\/product"}],"replies":[{"embeddable":true,"href":"https:\/\/jumailuminacion.com\/eu\/wp-json\/wp\/v2\/comments?post=1759"}],"wp:featuredmedia":[{"embeddable":true,"href":"https:\/\/jumailuminacion.com\/eu\/wp-json\/wp\/v2\/media\/1760"}],"wp:attachment":[{"href":"https:\/\/jumailuminacion.com\/eu\/wp-json\/wp\/v2\/media?parent=1759"}],"wp:term":[{"taxonomy":"product_brand","embeddable":true,"href":"https:\/\/jumailuminacion.com\/eu\/wp-json\/wp\/v2\/product_brand?post=1759"},{"taxonomy":"product_cat","embeddable":true,"href":"https:\/\/jumailuminacion.com\/eu\/wp-json\/wp\/v2\/product_cat?post=1759"},{"taxonomy":"product_tag","embeddable":true,"href":"https:\/\/jumailuminacion.com\/eu\/wp-json\/wp\/v2\/product_tag?post=1759"}],"curies":[{"name":"wp","href":"https:\/\/api.w.org\/{rel}","templated":true}]}}